{"id":312,"date":"2024-11-27T18:10:23","date_gmt":"2024-11-27T18:10:23","guid":{"rendered":"https:\/\/amec-teac.rtoeroinsurdev.wpenginepowered.com\/voyages\/"},"modified":"2026-03-04T16:06:47","modified_gmt":"2026-03-04T16:06:47","slug":"voyages","status":"publish","type":"page","link":"https:\/\/amec-teac.ententeinsurance.ca\/fr\/voyages\/","title":{"rendered":"Voyages"},"content":{"rendered":"\t\t<div data-elementor-type=\"wp-page\" data-elementor-id=\"312\" class=\"elementor elementor-312 elementor-110\" data-elementor-post-type=\"page\">\n\t\t\t\t<div class=\"elementor-element elementor-element-fd205a1 bg-pri heading-banner e-flex e-con-boxed e-con e-parent\" data-id=\"fd205a1\" data-element_type=\"container\" data-e-type=\"container\">\n\t\t\t\t\t<div class=\"e-con-inner\">\n\t\t\t\t<div class=\"elementor-element elementor-element-5bb6337 elementor-position-left heading-banner-title elementor-vertical-align-top elementor-widget elementor-widget-image-box\" data-id=\"5bb6337\" data-element_type=\"widget\" data-e-type=\"widget\" data-widget_type=\"image-box.default\">\n\t\t\t\t<div class=\"elementor-widget-container\">\n\t\t\t\t\t<div class=\"elementor-image-box-wrapper\"><figure class=\"elementor-image-box-img\"><img decoding=\"async\" width=\"79\" height=\"70\" src=\"https:\/\/amec-teac.ententeinsurance.ca\/wp-content\/uploads\/sites\/5\/2024\/12\/travel.svg\" class=\"attachment-full size-full wp-image-190\" alt=\"plane icon ic\u00f4ne avion\" \/><\/figure><div class=\"elementor-image-box-content\"><h1 class=\"elementor-image-box-title\">Assurance voyage<\/h1><\/div><\/div>\t\t\t\t<\/div>\n\t\t\t\t<\/div>\n\t\t\t\t\t<\/div>\n\t\t\t\t<\/div>\n\t\t<div class=\"elementor-element elementor-element-83b901e e-flex e-con-boxed e-con e-parent\" data-id=\"83b901e\" data-element_type=\"container\" data-e-type=\"container\">\n\t\t\t\t\t<div class=\"e-con-inner\">\n\t\t\t\t<div class=\"elementor-element elementor-element-c724e28 kk elementor-widget elementor-widget-breadcrumbs\" data-id=\"c724e28\" data-element_type=\"widget\" data-e-type=\"widget\" data-widget_type=\"breadcrumbs.default\">\n\t\t\t\t<div class=\"elementor-widget-container\">\n\t\t\t\t\t<p id=\"breadcrumbs\"><span><span><a href=\"https:\/\/amec-teac.ententeinsurance.ca\/fr\/\">Home<\/a><\/span><\/span><\/p>\t\t\t\t<\/div>\n\t\t\t\t<\/div>\n\t\t\t\t<div class=\"elementor-element elementor-element-bf5999f page-intro-para elementor-widget-tablet__width-inherit elementor-widget elementor-widget-text-editor\" data-id=\"bf5999f\" data-element_type=\"widget\" data-e-type=\"widget\" data-widget_type=\"text-editor.default\">\n\t\t\t\t<div class=\"elementor-widget-container\">\n\t\t\t\t\t\t\t\t\t<p>Inclus sans frais suppl\u00e9mentaires avec le r\u00e9gime Assurance maladie compl\u00e9mentaire, le r\u00e9gime Assurance voyage Entente Plus couvre certaines d\u00e9penses m\u00e9dicales encourues en cas d\u2019urgence survenant lors de voyages effectu\u00e9s en dehors de votre province ou territoire de r\u00e9sidence.<\/p>\t\t\t\t\t\t\t\t<\/div>\n\t\t\t\t<\/div>\n\t\t\t\t<div class=\"elementor-element elementor-element-bd68d52 text-desc desc elementor-widget elementor-widget-text-editor\" data-id=\"bd68d52\" data-element_type=\"widget\" data-e-type=\"widget\" data-widget_type=\"text-editor.default\">\n\t\t\t\t<div class=\"elementor-widget-container\">\n\t\t\t\t\t\t\t\t\t<h3>Incluse avec votre assurance maladie compl\u00e9mentaire<\/h3><p>Notre assurance voyage compl\u00e8te est int\u00e9gr\u00e9e \u00e0 notre assurance maladie compl\u00e9mentaire, ce qui fait du r\u00e9gime Entente une excellente option pour les grands voyageurs.<\/p><p>\u00a0<\/p><p><a href=\"https:\/\/amec-teac.ententeinsurance.ca\/fr\/frais-medicaux-complementaires\/#accordian-link-9\">Explorer la couverture<\/a><\/p><p>\u00a0<\/p><h3>Couverture additionnelle<\/h3><p>Vous pr\u00e9voyez un voyage plus long ou un itin\u00e9raire plus co\u00fbteux? Ajoutez des journ\u00e9es suppl\u00e9mentaires de couverture m\u00e9dicale d\u2019urgence ou augmentez votre limite d\u2019annulation\/interruption de voyage en fonction de vos projets de voyage.<\/p><p>\u00a0<\/p><p><a href=\"https:\/\/amec-teac.ententeinsurance.ca\/fr\/frais-medicaux-complementaires\/#accordian-link-12\">Voir les options additionnelles<\/a><\/p>\t\t\t\t\t\t\t\t<\/div>\n\t\t\t\t<\/div>\n\t\t\t\t<div class=\"elementor-element elementor-element-f60ec0a elementor-widget elementor-widget-shortcode\" data-id=\"f60ec0a\" data-element_type=\"widget\" data-e-type=\"widget\" data-widget_type=\"shortcode.default\">\n\t\t\t\t<div class=\"elementor-widget-container\">\n\t\t\t\t\t\t\t<div class=\"elementor-shortcode\">\t\t<div data-elementor-type=\"container\" data-elementor-id=\"303\" class=\"elementor elementor-303 elementor-162 elementor-162\" data-elementor-post-type=\"elementor_library\">\n\t\t\t\t<div class=\"elementor-element elementor-element-60944f2a e-flex e-con-boxed e-con e-parent\" data-id=\"60944f2a\" data-element_type=\"container\" data-e-type=\"container\">\n\t\t\t\t\t<div class=\"e-con-inner\">\n\t\t\t\t<div class=\"elementor-element elementor-element-108c5d9a color-pr elementor-widget elementor-widget-heading\" data-id=\"108c5d9a\" data-element_type=\"widget\" data-e-type=\"widget\" data-widget_type=\"heading.default\">\n\t\t\t\t<div class=\"elementor-widget-container\">\n\t\t\t\t\t<h2 class=\"elementor-heading-title elementor-size-default\">Demande d\u2019assurance et d\u2019adh\u00e9sion en ligne<\/h2>\t\t\t\t<\/div>\n\t\t\t\t<\/div>\n\t\t<div class=\"elementor-element elementor-element-15291c6 e-con-full e-flex e-con e-child\" data-id=\"15291c6\" data-element_type=\"container\" data-e-type=\"container\">\n\t\t<div class=\"elementor-element elementor-element-6f8dfa64 e-con-full e-flex e-con e-child\" data-id=\"6f8dfa64\" data-element_type=\"container\" data-e-type=\"container\">\n\t\t\t\t<div class=\"elementor-element elementor-element-6208a84 elementor-widget elementor-widget-image\" data-id=\"6208a84\" data-element_type=\"widget\" data-e-type=\"widget\" data-widget_type=\"image.default\">\n\t\t\t\t<div class=\"elementor-widget-container\">\n\t\t\t\t\t\t\t\t\t\t\t\t\t\t\t<img fetchpriority=\"high\" decoding=\"async\" width=\"730\" height=\"634\" src=\"https:\/\/amec-teac.ententeinsurance.ca\/media\/Apply-online-for-insurance-and-membership.jpg\" class=\"attachment-full size-full wp-image-889\" alt=\"Apply online for insurance and membership\" \/>\t\t\t\t\t\t\t\t\t\t\t\t\t\t\t<\/div>\n\t\t\t\t<\/div>\n\t\t\t\t<\/div>\n\t\t<div class=\"elementor-element elementor-element-2aadd28d e-con-full e-flex e-con e-child\" data-id=\"2aadd28d\" data-element_type=\"container\" data-e-type=\"container\">\n\t\t\t\t<div class=\"elementor-element elementor-element-505cca80 elementor-position-left img-pri-color img-box elementor-position-left elementor-vertical-align-top elementor-widget elementor-widget-image-box\" data-id=\"505cca80\" data-element_type=\"widget\" data-e-type=\"widget\" data-widget_type=\"image-box.default\">\n\t\t\t\t<div class=\"elementor-widget-container\">\n\t\t\t\t\t<div class=\"elementor-image-box-wrapper\"><figure class=\"elementor-image-box-img\"><img decoding=\"async\" width=\"1\" height=\"1\" src=\"https:\/\/amec-teac.ententeinsurance.ca\/wp-content\/uploads\/sites\/5\/2024\/12\/shield-trust-1.svg\" class=\"attachment-full size-full wp-image-585\" alt=\"\" \/><\/figure><div class=\"elementor-image-box-content\"><h3 class=\"elementor-image-box-title\">Acceptation garantie<\/h3><p class=\"elementor-image-box-description\">Les membres actuels de l\u2019AMEC-TEAC peuvent s\u2019inscrire jusqu\u2019au 3o juin, 2026 et leur acceptation est garantie.  L\u2019acceptation garantie est toujours disponible pour les membres transf\u00e9r\u00e9s d\u2019un autre r\u00e9gime collectif ou compl\u00e9tant un autre r\u00e9gime collectif. <\/p><\/div><\/div>\t\t\t\t<\/div>\n\t\t\t\t<\/div>\n\t\t\t\t<div class=\"elementor-element elementor-element-8d0c347 elementor-position-left img-pri-color img-box elementor-position-left elementor-vertical-align-top elementor-widget elementor-widget-image-box\" data-id=\"8d0c347\" data-element_type=\"widget\" data-e-type=\"widget\" data-widget_type=\"image-box.default\">\n\t\t\t\t<div class=\"elementor-widget-container\">\n\t\t\t\t\t<div class=\"elementor-image-box-wrapper\"><figure class=\"elementor-image-box-img\"><img decoding=\"async\" width=\"1\" height=\"1\" src=\"https:\/\/amec-teac.ententeinsurance.ca\/wp-content\/uploads\/sites\/5\/2024\/12\/shield-trust-1.svg\" class=\"attachment-full size-full wp-image-585\" alt=\"\" \/><\/figure><div class=\"elementor-image-box-content\"><h3 class=\"elementor-image-box-title\">La couverture requise<\/h3><p class=\"elementor-image-box-description\">Protection individuelle, de couple ou familiale disponible. L\u2019assurance voyage compl\u00e8te vous prot\u00e8ge. <\/p><\/div><\/div>\t\t\t\t<\/div>\n\t\t\t\t<\/div>\n\t\t\t\t<div class=\"elementor-element elementor-element-7def6799 elementor-position-left img-pri-color img-box elementor-position-left elementor-vertical-align-top elementor-vertical-align-top elementor-widget elementor-widget-image-box\" data-id=\"7def6799\" data-element_type=\"widget\" data-e-type=\"widget\" data-widget_type=\"image-box.default\">\n\t\t\t\t<div class=\"elementor-widget-container\">\n\t\t\t\t\t<div class=\"elementor-image-box-wrapper\"><figure class=\"elementor-image-box-img\"><img decoding=\"async\" width=\"1\" height=\"1\" src=\"https:\/\/amec-teac.ententeinsurance.ca\/wp-content\/uploads\/sites\/5\/2024\/12\/shield-trust-1.svg\" class=\"attachment-full size-full wp-image-585\" alt=\"\" \/><\/figure><div class=\"elementor-image-box-content\"><h3 class=\"elementor-image-box-title\">R\u00e9clamations sans probl\u00e8me<\/h3><p class=\"elementor-image-box-description\">Commencez \u00e0 soumettre vos r\u00e9clamations sans d\u00e9lai sur notre portail pratique et notre application mobile.<\/p><\/div><\/div>\t\t\t\t<\/div>\n\t\t\t\t<\/div>\n\t\t\t\t<\/div>\n\t\t\t\t<\/div>\n\t\t\t\t<div class=\"elementor-element elementor-element-1bceef53 cmn-btn elementor-align-center elementor-mobile-align-center elementor-widget elementor-widget-button\" data-id=\"1bceef53\" data-element_type=\"widget\" data-e-type=\"widget\" data-widget_type=\"button.default\">\n\t\t\t\t<div class=\"elementor-widget-container\">\n\t\t\t\t\t\t\t\t\t<div class=\"elementor-button-wrapper\">\n\t\t\t\t\t<a class=\"elementor-button elementor-button-link elementor-size-sm\" href=\"https:\/\/amec-teac.ententeinsurance.ca\/fr\/souscrivez-des-maintenant\/\">\n\t\t\t\t\t\t<span class=\"elementor-button-content-wrapper\">\n\t\t\t\t\t\t\t\t\t<span class=\"elementor-button-text\">Devenez membre d\u00e8s maintenant<\/span>\n\t\t\t\t\t<\/span>\n\t\t\t\t\t<\/a>\n\t\t\t\t<\/div>\n\t\t\t\t\t\t\t\t<\/div>\n\t\t\t\t<\/div>\n\t\t\t\t\t<\/div>\n\t\t\t\t<\/div>\n\t\t\t\t<\/div>\n\t\t\t\t<div data-elementor-type=\"container\" data-elementor-id=\"304\" class=\"elementor elementor-304 elementor-163 elementor-163\" data-elementor-post-type=\"elementor_library\">\n\t\t\t\t<div class=\"elementor-element elementor-element-31eabc15 p-100 pri-ques-wrap e-flex e-con-boxed e-con e-parent\" data-id=\"31eabc15\" data-element_type=\"container\" data-e-type=\"container\">\n\t\t\t\t\t<div class=\"e-con-inner\">\n\t\t<div class=\"elementor-element elementor-element-7ba8e857 e-con-full bg-pri e-flex e-con e-child\" data-id=\"7ba8e857\" data-element_type=\"container\" data-e-type=\"container\">\n\t\t<div class=\"elementor-element elementor-element-340bd969 e-con-full e-flex e-con e-child\" data-id=\"340bd969\" data-element_type=\"container\" data-e-type=\"container\">\n\t\t\t\t<div class=\"elementor-element elementor-element-7aaebe08 elementor-widget__width-inherit elementor-widget elementor-widget-text-editor\" data-id=\"7aaebe08\" data-element_type=\"widget\" data-e-type=\"widget\" data-widget_type=\"text-editor.default\">\n\t\t\t\t<div class=\"elementor-widget-container\">\n\t\t\t\t\t\t\t\t\t<h2>Des questions?<\/h2>\n<p><\/p>\n<h3>Contactez-nous :<\/h3>\n\t\t\t\t\t\t\t\t<\/div>\n\t\t\t\t<\/div>\n\t\t\t\t<\/div>\n\t\t<div class=\"elementor-element elementor-element-2737fd2f e-con-full e-flex e-con e-child\" data-id=\"2737fd2f\" data-element_type=\"container\" data-e-type=\"container\">\n\t\t\t\t<div class=\"elementor-element elementor-element-34e27f58 text-white fs-lg elementor-widget elementor-widget-text-editor\" data-id=\"34e27f58\" data-element_type=\"widget\" data-e-type=\"widget\" data-widget_type=\"text-editor.default\">\n\t\t\t\t<div class=\"elementor-widget-container\">\n\t\t\t\t\t\t\t\t\t<p>1-800-361-9888<br \/>Du lundi au vendredi, de 8 h 30 \u00e0 16 h 30 HNE<\/p>\n<p><span style=\"text-decoration: underline;\"><a href=\"mailto:info@ententeinsurance.ca\">info@ententeinsurance.ca<\/a><\/span><\/p>\n\t\t\t\t\t\t\t\t<\/div>\n\t\t\t\t<\/div>\n\t\t\t\t<\/div>\n\t\t\t\t<\/div>\n\t\t\t\t\t<\/div>\n\t\t\t\t<\/div>\n\t\t\t\t<\/div>\n\t\t<\/div>\n\t\t\t\t\t\t<\/div>\n\t\t\t\t<\/div>\n\t\t\t\t\t<\/div>\n\t\t\t\t<\/div>\n\t\t\t\t<\/div>\n\t\t","protected":false},"excerpt":{"rendered":"<p>Assurance voyage Inclus sans frais suppl\u00e9mentaires avec le r\u00e9gime Assurance maladie compl\u00e9mentaire, le r\u00e9gime Assurance voyage Entente Plus couvre certaines d\u00e9penses m\u00e9dicales encourues en cas d\u2019urgence survenant lors de voyages effectu\u00e9s en dehors de votre province ou territoire de r\u00e9sidence. Incluse avec votre assurance maladie compl\u00e9mentaire Notre assurance voyage compl\u00e8te est int\u00e9gr\u00e9e \u00e0 notre assurance [&hellip;]<\/p>\n","protected":false},"author":1,"featured_media":0,"parent":0,"menu_order":0,"comment_status":"closed","ping_status":"closed","template":"","meta":{"_acf_changed":false,"inline_featured_image":false,"footnotes":""},"class_list":["post-312","page","type-page","status-publish","hentry"],"acf":[],"yoast_head":"<!-- This site is optimized with the Yoast SEO plugin v27.4 - https:\/\/yoast.com\/product\/yoast-seo-wordpress\/ -->\n<title>Voyages - Assurance collective pour les membres de la PGA du Canada<\/title>\n<meta name=\"robots\" content=\"noindex, follow, max-snippet:-1, max-image-preview:large, max-video-preview:-1\" \/>\n<meta property=\"og:locale\" content=\"fr_FR\" \/>\n<meta property=\"og:type\" content=\"article\" \/>\n<meta property=\"og:title\" content=\"Voyages - Assurance collective pour les membres de la PGA du Canada\" \/>\n<meta property=\"og:description\" content=\"Assurance voyage Inclus sans frais suppl\u00e9mentaires avec le r\u00e9gime Assurance maladie compl\u00e9mentaire, le r\u00e9gime Assurance voyage Entente Plus couvre certaines d\u00e9penses m\u00e9dicales encourues en cas d\u2019urgence survenant lors de voyages effectu\u00e9s en dehors de votre province ou territoire de r\u00e9sidence. Incluse avec votre assurance maladie compl\u00e9mentaire Notre assurance voyage compl\u00e8te est int\u00e9gr\u00e9e \u00e0 notre assurance [&hellip;]\" \/>\n<meta property=\"og:url\" content=\"https:\/\/amec-teac.ententeinsurance.ca\/fr\/voyages\/\" \/>\n<meta property=\"og:site_name\" content=\"Assurance collective pour les membres de la PGA du Canada\" \/>\n<meta property=\"article:modified_time\" content=\"2026-03-04T16:06:47+00:00\" \/>\n<meta name=\"twitter:card\" content=\"summary_large_image\" \/>\n<meta name=\"twitter:label1\" content=\"Dur\u00e9e de lecture estim\u00e9e\" \/>\n\t<meta name=\"twitter:data1\" content=\"2 minutes\" \/>\n<script type=\"application\/ld+json\" class=\"yoast-schema-graph\">{\"@context\":\"https:\\\/\\\/schema.org\",\"@graph\":[{\"@type\":\"WebPage\",\"@id\":\"https:\\\/\\\/amec-teac.ententeinsurance.ca\\\/fr\\\/voyages\\\/\",\"url\":\"https:\\\/\\\/amec-teac.ententeinsurance.ca\\\/fr\\\/voyages\\\/\",\"name\":\"Voyages - Assurance collective pour les membres de la PGA du Canada\",\"isPartOf\":{\"@id\":\"https:\\\/\\\/amec-teac.ententeinsurance.ca\\\/fr\\\/#website\"},\"primaryImageOfPage\":{\"@id\":\"https:\\\/\\\/amec-teac.ententeinsurance.ca\\\/fr\\\/voyages\\\/#primaryimage\"},\"image\":{\"@id\":\"https:\\\/\\\/amec-teac.ententeinsurance.ca\\\/fr\\\/voyages\\\/#primaryimage\"},\"thumbnailUrl\":\"https:\\\/\\\/amec-teac.ententeinsurance.ca\\\/wp-content\\\/uploads\\\/sites\\\/5\\\/2024\\\/12\\\/travel.svg\",\"datePublished\":\"2024-11-27T18:10:23+00:00\",\"dateModified\":\"2026-03-04T16:06:47+00:00\",\"breadcrumb\":{\"@id\":\"https:\\\/\\\/amec-teac.ententeinsurance.ca\\\/fr\\\/voyages\\\/#breadcrumb\"},\"inLanguage\":\"fr-FR\",\"potentialAction\":[{\"@type\":\"ReadAction\",\"target\":[\"https:\\\/\\\/amec-teac.ententeinsurance.ca\\\/fr\\\/voyages\\\/\"]}]},{\"@type\":\"ImageObject\",\"inLanguage\":\"fr-FR\",\"@id\":\"https:\\\/\\\/amec-teac.ententeinsurance.ca\\\/fr\\\/voyages\\\/#primaryimage\",\"url\":\"https:\\\/\\\/amec-teac.ententeinsurance.ca\\\/wp-content\\\/uploads\\\/sites\\\/5\\\/2024\\\/12\\\/travel.svg\",\"contentUrl\":\"https:\\\/\\\/amec-teac.ententeinsurance.ca\\\/wp-content\\\/uploads\\\/sites\\\/5\\\/2024\\\/12\\\/travel.svg\"},{\"@type\":\"BreadcrumbList\",\"@id\":\"https:\\\/\\\/amec-teac.ententeinsurance.ca\\\/fr\\\/voyages\\\/#breadcrumb\",\"itemListElement\":[{\"@type\":\"ListItem\",\"position\":1,\"name\":\"Home\",\"item\":\"https:\\\/\\\/amec-teac.ententeinsurance.ca\\\/fr\\\/\"},{\"@type\":\"ListItem\",\"position\":2,\"name\":\"Voyages\"}]},{\"@type\":\"WebSite\",\"@id\":\"https:\\\/\\\/amec-teac.ententeinsurance.ca\\\/fr\\\/#website\",\"url\":\"https:\\\/\\\/amec-teac.ententeinsurance.ca\\\/fr\\\/\",\"name\":\"Assurance collective pour les membres de la PGA du Canada\",\"description\":\"Entente Group Insurance Program\",\"potentialAction\":[{\"@type\":\"SearchAction\",\"target\":{\"@type\":\"EntryPoint\",\"urlTemplate\":\"https:\\\/\\\/amec-teac.ententeinsurance.ca\\\/fr\\\/?s={search_term_string}\"},\"query-input\":{\"@type\":\"PropertyValueSpecification\",\"valueRequired\":true,\"valueName\":\"search_term_string\"}}],\"inLanguage\":\"fr-FR\"}]}<\/script>\n<!-- \/ Yoast SEO plugin. -->","yoast_head_json":{"title":"Voyages - Assurance collective pour les membres de la PGA du Canada","robots":{"index":"noindex","follow":"follow","max-snippet":"max-snippet:-1","max-image-preview":"max-image-preview:large","max-video-preview":"max-video-preview:-1"},"og_locale":"fr_FR","og_type":"article","og_title":"Voyages - Assurance collective pour les membres de la PGA du Canada","og_description":"Assurance voyage Inclus sans frais suppl\u00e9mentaires avec le r\u00e9gime Assurance maladie compl\u00e9mentaire, le r\u00e9gime Assurance voyage Entente Plus couvre certaines d\u00e9penses m\u00e9dicales encourues en cas d\u2019urgence survenant lors de voyages effectu\u00e9s en dehors de votre province ou territoire de r\u00e9sidence. Incluse avec votre assurance maladie compl\u00e9mentaire Notre assurance voyage compl\u00e8te est int\u00e9gr\u00e9e \u00e0 notre assurance [&hellip;]","og_url":"https:\/\/amec-teac.ententeinsurance.ca\/fr\/voyages\/","og_site_name":"Assurance collective pour les membres de la PGA du Canada","article_modified_time":"2026-03-04T16:06:47+00:00","twitter_card":"summary_large_image","twitter_misc":{"Dur\u00e9e de lecture estim\u00e9e":"2 minutes"},"schema":{"@context":"https:\/\/schema.org","@graph":[{"@type":"WebPage","@id":"https:\/\/amec-teac.ententeinsurance.ca\/fr\/voyages\/","url":"https:\/\/amec-teac.ententeinsurance.ca\/fr\/voyages\/","name":"Voyages - Assurance collective pour les membres de la PGA du Canada","isPartOf":{"@id":"https:\/\/amec-teac.ententeinsurance.ca\/fr\/#website"},"primaryImageOfPage":{"@id":"https:\/\/amec-teac.ententeinsurance.ca\/fr\/voyages\/#primaryimage"},"image":{"@id":"https:\/\/amec-teac.ententeinsurance.ca\/fr\/voyages\/#primaryimage"},"thumbnailUrl":"https:\/\/amec-teac.ententeinsurance.ca\/wp-content\/uploads\/sites\/5\/2024\/12\/travel.svg","datePublished":"2024-11-27T18:10:23+00:00","dateModified":"2026-03-04T16:06:47+00:00","breadcrumb":{"@id":"https:\/\/amec-teac.ententeinsurance.ca\/fr\/voyages\/#breadcrumb"},"inLanguage":"fr-FR","potentialAction":[{"@type":"ReadAction","target":["https:\/\/amec-teac.ententeinsurance.ca\/fr\/voyages\/"]}]},{"@type":"ImageObject","inLanguage":"fr-FR","@id":"https:\/\/amec-teac.ententeinsurance.ca\/fr\/voyages\/#primaryimage","url":"https:\/\/amec-teac.ententeinsurance.ca\/wp-content\/uploads\/sites\/5\/2024\/12\/travel.svg","contentUrl":"https:\/\/amec-teac.ententeinsurance.ca\/wp-content\/uploads\/sites\/5\/2024\/12\/travel.svg"},{"@type":"BreadcrumbList","@id":"https:\/\/amec-teac.ententeinsurance.ca\/fr\/voyages\/#breadcrumb","itemListElement":[{"@type":"ListItem","position":1,"name":"Home","item":"https:\/\/amec-teac.ententeinsurance.ca\/fr\/"},{"@type":"ListItem","position":2,"name":"Voyages"}]},{"@type":"WebSite","@id":"https:\/\/amec-teac.ententeinsurance.ca\/fr\/#website","url":"https:\/\/amec-teac.ententeinsurance.ca\/fr\/","name":"Assurance collective pour les membres de la PGA du Canada","description":"Entente Group Insurance Program","potentialAction":[{"@type":"SearchAction","target":{"@type":"EntryPoint","urlTemplate":"https:\/\/amec-teac.ententeinsurance.ca\/fr\/?s={search_term_string}"},"query-input":{"@type":"PropertyValueSpecification","valueRequired":true,"valueName":"search_term_string"}}],"inLanguage":"fr-FR"}]}},"_links":{"self":[{"href":"https:\/\/amec-teac.ententeinsurance.ca\/fr\/wp-json\/wp\/v2\/pages\/312","targetHints":{"allow":["GET"]}}],"collection":[{"href":"https:\/\/amec-teac.ententeinsurance.ca\/fr\/wp-json\/wp\/v2\/pages"}],"about":[{"href":"https:\/\/amec-teac.ententeinsurance.ca\/fr\/wp-json\/wp\/v2\/types\/page"}],"author":[{"embeddable":true,"href":"https:\/\/amec-teac.ententeinsurance.ca\/fr\/wp-json\/wp\/v2\/users\/1"}],"replies":[{"embeddable":true,"href":"https:\/\/amec-teac.ententeinsurance.ca\/fr\/wp-json\/wp\/v2\/comments?post=312"}],"version-history":[{"count":5,"href":"https:\/\/amec-teac.ententeinsurance.ca\/fr\/wp-json\/wp\/v2\/pages\/312\/revisions"}],"predecessor-version":[{"id":993,"href":"https:\/\/amec-teac.ententeinsurance.ca\/fr\/wp-json\/wp\/v2\/pages\/312\/revisions\/993"}],"wp:attachment":[{"href":"https:\/\/amec-teac.ententeinsurance.ca\/fr\/wp-json\/wp\/v2\/media?parent=312"}],"curies":[{"name":"wp","href":"https:\/\/api.w.org\/{rel}","templated":true}]}}