{"id":200,"date":"2024-11-26T16:36:36","date_gmt":"2024-11-26T16:36:36","guid":{"rendered":"https:\/\/amec-teac.rtoeroinsurdev.wpenginepowered.com\/assurance-pga\/"},"modified":"2026-02-19T17:20:15","modified_gmt":"2026-02-19T17:20:15","slug":"assurance-pga","status":"publish","type":"page","link":"https:\/\/amec-teac.ententeinsurance.ca\/fr\/","title":{"rendered":"AMEC-TEAC"},"content":{"rendered":"\t\t<div data-elementor-type=\"wp-page\" data-elementor-id=\"200\" class=\"elementor elementor-200 elementor-64\" data-elementor-post-type=\"page\">\n\t\t\t\t<div class=\"elementor-element elementor-element-e6c627c e-flex e-con-boxed e-con e-parent\" data-id=\"e6c627c\" data-element_type=\"container\" data-e-type=\"container\" data-settings=\"{&quot;background_background&quot;:&quot;classic&quot;}\">\n\t\t\t\t\t<div class=\"e-con-inner\">\n\t\t\t\t<div class=\"elementor-element elementor-element-74a53d7 elementor-widget__width-initial elementor-widget elementor-widget-text-editor\" data-id=\"74a53d7\" data-element_type=\"widget\" data-e-type=\"widget\" data-widget_type=\"text-editor.default\">\n\t\t\t\t<div class=\"elementor-widget-container\">\n\t\t\t\t\t\t\t\t\t<h2>Favorisez votre bien-\u00eatre avec l\u2019assurance maladie et l\u2019assurance voyage collectives pour les membres de l\u2019AMEC-TEAC<\/h2><p>Offerts par le r\u00e9gime d\u2019assurance collective Entente Plus<\/p>\t\t\t\t\t\t\t\t<\/div>\n\t\t\t\t<\/div>\n\t\t<div class=\"elementor-element elementor-element-1ae5937 e-con-full e-flex e-con e-child\" data-id=\"1ae5937\" data-element_type=\"container\" data-e-type=\"container\">\n\t\t\t\t<div class=\"elementor-element elementor-element-24f49b9 secondary-btn elementor-widget elementor-widget-button\" data-id=\"24f49b9\" data-element_type=\"widget\" data-e-type=\"widget\" data-widget_type=\"button.default\">\n\t\t\t\t<div class=\"elementor-widget-container\">\n\t\t\t\t\t\t\t\t\t<div class=\"elementor-button-wrapper\">\n\t\t\t\t\t<a class=\"elementor-button elementor-button-link elementor-size-sm\" href=\"https:\/\/amec-teac.ententeinsurance.ca\/fr\/souscrivez-des-maintenant\/\">\n\t\t\t\t\t\t<span class=\"elementor-button-content-wrapper\">\n\t\t\t\t\t\t\t\t\t<span class=\"elementor-button-text\">Devenir membre<\/span>\n\t\t\t\t\t<\/span>\n\t\t\t\t\t<\/a>\n\t\t\t\t<\/div>\n\t\t\t\t\t\t\t\t<\/div>\n\t\t\t\t<\/div>\n\t\t\t\t<\/div>\n\t\t\t\t\t<\/div>\n\t\t\t\t<\/div>\n\t\t<div class=\"elementor-element elementor-element-6b3c8bd e-flex e-con-boxed e-con e-parent\" data-id=\"6b3c8bd\" data-element_type=\"container\" data-e-type=\"container\">\n\t\t\t\t\t<div class=\"e-con-inner\">\n\t\t\t\t<div class=\"elementor-element elementor-element-1d0219a elementor-widget elementor-widget-shortcode\" data-id=\"1d0219a\" data-element_type=\"widget\" data-e-type=\"widget\" data-widget_type=\"shortcode.default\">\n\t\t\t\t<div class=\"elementor-widget-container\">\n\t\t\t\t\t\t\t<div class=\"elementor-shortcode\"> \n\t<div class=\"container-fluid ins-name-outer-sec\">\n  <div class=\"row\">\n\n  \n    \t\t\t\n\t\t    \t\t\t<div class=\"col-lg-3 col-md-6 col-12\">\n      <div class=\"ins-card-outer-sec\">\n        <div class=\"ins-name-sec d-flex\">\n\n\t\t\n\t\t\t<a href=\"https:\/\/amec-teac.ententeinsurance.ca\/fr\/frais-medicaux-complementaires\/\">\n\t\t\t            <img decoding=\"async\" src=\"https:\/\/amec-teac.ententeinsurance.ca\/wp-content\/uploads\/2025\/01\/extended-health-icon.svg\" alt=\"\">\n\t\t\t            <p><b>Assurance maladie compl\u00e9mentaire<\/b><\/p>\n\t\t\t<\/a>\n        <\/div>\n        <div class=\"ins-desc-sec\">\n\t\t<a href=\"https:\/\/amec-teac.ententeinsurance.ca\/fr\/frais-medicaux-complementaires\/\">\n        <p><ul>\n<li>Couverture des m\u00e9dicaments sur ordonnance, des soins de la vue, des services param\u00e9dicaux et plus encore<\/li>\n<li>Assurance voyage compl\u00e8te incluse (93 jours par voyage)<\/li>\n<li>Acc\u00e8s \u00e0 une pharmacie virtuelle et \u00e0 des services de deuxi\u00e8me avis m\u00e9dical<\/li>\n<\/ul>\n<\/p>\n\t\t\t<\/a>\n      <\/div>\n      <\/div>\n    <\/div>\n    \n       \n\t    \t\t\t\n\t\t    \t\t\t<div class=\"col-lg-3 col-md-6 col-12\">\n      <div class=\"ins-card-outer-sec\">\n        <div class=\"ins-name-sec d-flex\">\n\n\t\t\n\t\t\t<a href=\"https:\/\/amec-teac.ententeinsurance.ca\/fr\/dentaire\/\">\n\t\t\t            <img decoding=\"async\" src=\"https:\/\/amec-teac.ententeinsurance.ca\/wp-content\/uploads\/2025\/01\/dental-icon.svg\" alt=\"\">\n\t\t\t            <p><b>Assurance dentaire<\/b><\/p>\n\t\t\t<\/a>\n        <\/div>\n        <div class=\"ins-desc-sec\">\n\t\t<a href=\"https:\/\/amec-teac.ententeinsurance.ca\/fr\/dentaire\/\">\n        <p><ul>\n<li>Aucun maximum pour les soins dentaires de routine<\/li>\n<li>Traitements de canal, implants dentaires et autres proc\u00e9dures<\/li>\n<li>Couronnes, ponts fixes et proth\u00e8ses dentaires<\/li>\n<\/ul>\n<\/p>\n\t\t\t<\/a>\n      <\/div>\n      <\/div>\n    <\/div>\n    \n       \n\t    \t\t\t\n\t\t    \t\t\t<div class=\"col-lg-3 col-md-6 col-12\">\n      <div class=\"ins-card-outer-sec\">\n        <div class=\"ins-name-sec d-flex\">\n\n\t\t\n\t\t\t<a href=\"https:\/\/amec-teac.ententeinsurance.ca\/fr\/\">\n\t\t\t            <img decoding=\"async\" src=\"https:\/\/amec-teac.ententeinsurance.ca\/wp-content\/uploads\/2025\/01\/hospital-icon.svg\" alt=\"\">\n\t\t\t            <p><b>Assurance hospitalisation et convalescence<\/b><\/p>\n\t\t\t<\/a>\n        <\/div>\n        <div class=\"ins-desc-sec\">\n\t\t<a href=\"https:\/\/amec-teac.ententeinsurance.ca\/fr\/\">\n        <p><ul>\n<li>Frais hospitaliers illimit\u00e9s d\u2019une chambre semi-priv\u00e9e<\/li>\n<li>Soins de convalescence et soins \u00e0 domicile<\/li>\n<li>Soins apr\u00e8s une intervention chirurgicale non urgente<\/li>\n<\/ul>\n<\/p>\n\t\t\t<\/a>\n      <\/div>\n      <\/div>\n    <\/div>\n    \n       \n\t    \t\t\t\n\t\t    \t\t\t<div class=\"col-lg-3 col-md-6 col-12\">\n      <div class=\"ins-card-outer-sec\">\n        <div class=\"ins-name-sec d-flex\">\n\n\t\t\n\t\t\t<a href=\"https:\/\/amec-teac.ententeinsurance.ca\/fr\/voyages\/\">\n\t\t\t            <img decoding=\"async\" src=\"https:\/\/amec-teac.ententeinsurance.ca\/wp-content\/uploads\/2025\/01\/travel.svg\" alt=\"\">\n\t\t\t            <p><b>Voyages<\/b><\/p>\n\t\t\t<\/a>\n        <\/div>\n        <div class=\"ins-desc-sec\">\n\t\t<a href=\"https:\/\/amec-teac.ententeinsurance.ca\/fr\/voyages\/\">\n        <p><ul>\n<li>Le r\u00e9gime Assurance maladie compl\u00e9mentaire comprend les frais m\u00e9dicaux de voyage et les frais d\u2019interruption ou d\u2019annulation.<\/li>\n<\/ul>\n<\/p>\n\t\t\t<\/a>\n      <\/div>\n      <\/div>\n    <\/div>\n    \n       \n\t    \n\t<\/div>\n<\/div>\n\t\n\n\n\t<\/div>\n\t\t\t\t\t\t<\/div>\n\t\t\t\t<\/div>\n\t\t\t\t\t<\/div>\n\t\t\t\t<\/div>\n\t\t<div class=\"elementor-element elementor-element-205d331 e-con-full bg-pri e-flex e-con e-parent\" data-id=\"205d331\" data-element_type=\"container\" data-e-type=\"container\">\n\t\t<div class=\"elementor-element elementor-element-9374030 e-con-full e-flex e-con e-child\" data-id=\"9374030\" data-element_type=\"container\" data-e-type=\"container\">\n\t\t\t\t<div class=\"elementor-element elementor-element-81ef846 elementor-widget__width-initial elementor-widget elementor-widget-heading\" data-id=\"81ef846\" data-element_type=\"widget\" data-e-type=\"widget\" data-widget_type=\"heading.default\">\n\t\t\t\t<div class=\"elementor-widget-container\">\n\t\t\t\t\t<h2 class=\"elementor-heading-title elementor-size-default\">Pour conna\u00eetre tous les d\u00e9tails, consultez le Livret des r\u00e9gimes d\u2019assurance collective Entente Plus. \n<\/h2>\t\t\t\t<\/div>\n\t\t\t\t<\/div>\n\t\t\t\t<div class=\"elementor-element elementor-element-c56fa0a secondary-btn elementor-widget elementor-widget-button\" data-id=\"c56fa0a\" data-element_type=\"widget\" data-e-type=\"widget\" data-widget_type=\"button.default\">\n\t\t\t\t<div class=\"elementor-widget-container\">\n\t\t\t\t\t\t\t\t\t<div class=\"elementor-button-wrapper\">\n\t\t\t\t\t<a class=\"elementor-button elementor-button-link elementor-size-sm\" href=\"https:\/\/entente.ca\/media\/livret-des-regimes-assurance-pages-simples.pdf\" target=\"_blank\">\n\t\t\t\t\t\t<span class=\"elementor-button-content-wrapper\">\n\t\t\t\t\t\t\t\t\t<span class=\"elementor-button-text\">T\u00e9l\u00e9charger<\/span>\n\t\t\t\t\t<\/span>\n\t\t\t\t\t<\/a>\n\t\t\t\t<\/div>\n\t\t\t\t\t\t\t\t<\/div>\n\t\t\t\t<\/div>\n\t\t\t\t<\/div>\n\t\t<div class=\"elementor-element elementor-element-507893c e-con-full e-flex e-con e-child\" data-id=\"507893c\" data-element_type=\"container\" data-e-type=\"container\" data-settings=\"{&quot;background_background&quot;:&quot;classic&quot;}\">\n\t\t\t\t<div class=\"elementor-element elementor-element-73ad124 elementor-hidden-desktop elementor-hidden-tablet elementor-widget elementor-widget-image\" data-id=\"73ad124\" data-element_type=\"widget\" data-e-type=\"widget\" data-widget_type=\"image.default\">\n\t\t\t\t<div class=\"elementor-widget-container\">\n\t\t\t\t\t\t\t\t\t\t\t\t\t\t\t<img fetchpriority=\"high\" decoding=\"async\" width=\"800\" height=\"629\" src=\"https:\/\/amec-teac.ententeinsurance.ca\/media\/Group-Insurance-Program-booklet.jpg\" class=\"attachment-large size-large wp-image-882\" alt=\"Apply online for insurance and membershipApply online for insurance and membership\" \/>\t\t\t\t\t\t\t\t\t\t\t\t\t\t\t<\/div>\n\t\t\t\t<\/div>\n\t\t\t\t<\/div>\n\t\t\t\t<\/div>\n\t\t<div class=\"elementor-element elementor-element-6283f85 e-flex e-con-boxed e-con e-parent\" data-id=\"6283f85\" data-element_type=\"container\" data-e-type=\"container\">\n\t\t\t\t\t<div class=\"e-con-inner\">\n\t\t\t\t<div class=\"elementor-element elementor-element-e42d299 elementor-widget elementor-widget-shortcode\" data-id=\"e42d299\" data-element_type=\"widget\" data-e-type=\"widget\" data-widget_type=\"shortcode.default\">\n\t\t\t\t<div class=\"elementor-widget-container\">\n\t\t\t\t\t\t\t<div class=\"elementor-shortcode\">\t\t<div data-elementor-type=\"container\" data-elementor-id=\"303\" class=\"elementor elementor-303 elementor-162 elementor-162\" data-elementor-post-type=\"elementor_library\">\n\t\t\t\t<div class=\"elementor-element elementor-element-60944f2a e-flex e-con-boxed e-con e-parent\" data-id=\"60944f2a\" data-element_type=\"container\" data-e-type=\"container\">\n\t\t\t\t\t<div class=\"e-con-inner\">\n\t\t\t\t<div class=\"elementor-element elementor-element-108c5d9a color-pr elementor-widget elementor-widget-heading\" data-id=\"108c5d9a\" data-element_type=\"widget\" data-e-type=\"widget\" data-widget_type=\"heading.default\">\n\t\t\t\t<div class=\"elementor-widget-container\">\n\t\t\t\t\t<h2 class=\"elementor-heading-title elementor-size-default\">Demande d\u2019assurance et d\u2019adh\u00e9sion en ligne<\/h2>\t\t\t\t<\/div>\n\t\t\t\t<\/div>\n\t\t<div class=\"elementor-element elementor-element-15291c6 e-con-full e-flex e-con e-child\" data-id=\"15291c6\" data-element_type=\"container\" data-e-type=\"container\">\n\t\t<div class=\"elementor-element elementor-element-6f8dfa64 e-con-full e-flex e-con e-child\" data-id=\"6f8dfa64\" data-element_type=\"container\" data-e-type=\"container\">\n\t\t\t\t<div class=\"elementor-element elementor-element-6208a84 elementor-widget elementor-widget-image\" data-id=\"6208a84\" data-element_type=\"widget\" data-e-type=\"widget\" data-widget_type=\"image.default\">\n\t\t\t\t<div class=\"elementor-widget-container\">\n\t\t\t\t\t\t\t\t\t\t\t\t\t\t\t<img decoding=\"async\" width=\"730\" height=\"634\" src=\"https:\/\/amec-teac.ententeinsurance.ca\/media\/Apply-online-for-insurance-and-membership.jpg\" class=\"attachment-full size-full wp-image-889\" alt=\"Apply online for insurance and membership\" \/>\t\t\t\t\t\t\t\t\t\t\t\t\t\t\t<\/div>\n\t\t\t\t<\/div>\n\t\t\t\t<\/div>\n\t\t<div class=\"elementor-element elementor-element-2aadd28d e-con-full e-flex e-con e-child\" data-id=\"2aadd28d\" data-element_type=\"container\" data-e-type=\"container\">\n\t\t\t\t<div class=\"elementor-element elementor-element-505cca80 elementor-position-left img-pri-color img-box elementor-position-left elementor-vertical-align-top elementor-widget elementor-widget-image-box\" data-id=\"505cca80\" data-element_type=\"widget\" data-e-type=\"widget\" data-widget_type=\"image-box.default\">\n\t\t\t\t<div class=\"elementor-widget-container\">\n\t\t\t\t\t<div class=\"elementor-image-box-wrapper\"><figure class=\"elementor-image-box-img\"><img decoding=\"async\" width=\"1\" height=\"1\" src=\"https:\/\/amec-teac.ententeinsurance.ca\/wp-content\/uploads\/sites\/5\/2024\/12\/shield-trust-1.svg\" class=\"attachment-full size-full wp-image-585\" alt=\"\" \/><\/figure><div class=\"elementor-image-box-content\"><h3 class=\"elementor-image-box-title\">Acceptation garantie<\/h3><p class=\"elementor-image-box-description\">Les membres actuels de l\u2019AMEC-TEAC peuvent s\u2019inscrire jusqu\u2019au 3o juin, 2026 et leur acceptation est garantie.  L\u2019acceptation garantie est toujours disponible pour les membres transf\u00e9r\u00e9s d\u2019un autre r\u00e9gime collectif ou compl\u00e9tant un autre r\u00e9gime collectif. <\/p><\/div><\/div>\t\t\t\t<\/div>\n\t\t\t\t<\/div>\n\t\t\t\t<div class=\"elementor-element elementor-element-8d0c347 elementor-position-left img-pri-color img-box elementor-position-left elementor-vertical-align-top elementor-widget elementor-widget-image-box\" data-id=\"8d0c347\" data-element_type=\"widget\" data-e-type=\"widget\" data-widget_type=\"image-box.default\">\n\t\t\t\t<div class=\"elementor-widget-container\">\n\t\t\t\t\t<div class=\"elementor-image-box-wrapper\"><figure class=\"elementor-image-box-img\"><img decoding=\"async\" width=\"1\" height=\"1\" src=\"https:\/\/amec-teac.ententeinsurance.ca\/wp-content\/uploads\/sites\/5\/2024\/12\/shield-trust-1.svg\" class=\"attachment-full size-full wp-image-585\" alt=\"\" \/><\/figure><div class=\"elementor-image-box-content\"><h3 class=\"elementor-image-box-title\">La couverture requise<\/h3><p class=\"elementor-image-box-description\">Protection individuelle, de couple ou familiale disponible. L\u2019assurance voyage compl\u00e8te vous prot\u00e8ge. <\/p><\/div><\/div>\t\t\t\t<\/div>\n\t\t\t\t<\/div>\n\t\t\t\t<div class=\"elementor-element elementor-element-7def6799 elementor-position-left img-pri-color img-box elementor-position-left elementor-vertical-align-top elementor-vertical-align-top elementor-widget elementor-widget-image-box\" data-id=\"7def6799\" data-element_type=\"widget\" data-e-type=\"widget\" data-widget_type=\"image-box.default\">\n\t\t\t\t<div class=\"elementor-widget-container\">\n\t\t\t\t\t<div class=\"elementor-image-box-wrapper\"><figure class=\"elementor-image-box-img\"><img decoding=\"async\" width=\"1\" height=\"1\" src=\"https:\/\/amec-teac.ententeinsurance.ca\/wp-content\/uploads\/sites\/5\/2024\/12\/shield-trust-1.svg\" class=\"attachment-full size-full wp-image-585\" alt=\"\" \/><\/figure><div class=\"elementor-image-box-content\"><h3 class=\"elementor-image-box-title\">R\u00e9clamations sans probl\u00e8me<\/h3><p class=\"elementor-image-box-description\">Commencez \u00e0 soumettre vos r\u00e9clamations sans d\u00e9lai sur notre portail pratique et notre application mobile.<\/p><\/div><\/div>\t\t\t\t<\/div>\n\t\t\t\t<\/div>\n\t\t\t\t<\/div>\n\t\t\t\t<\/div>\n\t\t\t\t<div class=\"elementor-element elementor-element-1bceef53 cmn-btn elementor-align-center elementor-mobile-align-center elementor-widget elementor-widget-button\" data-id=\"1bceef53\" data-element_type=\"widget\" data-e-type=\"widget\" data-widget_type=\"button.default\">\n\t\t\t\t<div class=\"elementor-widget-container\">\n\t\t\t\t\t\t\t\t\t<div class=\"elementor-button-wrapper\">\n\t\t\t\t\t<a class=\"elementor-button elementor-button-link elementor-size-sm\" href=\"https:\/\/amec-teac.ententeinsurance.ca\/fr\/souscrivez-des-maintenant\/\">\n\t\t\t\t\t\t<span class=\"elementor-button-content-wrapper\">\n\t\t\t\t\t\t\t\t\t<span class=\"elementor-button-text\">Devenez membre d\u00e8s maintenant<\/span>\n\t\t\t\t\t<\/span>\n\t\t\t\t\t<\/a>\n\t\t\t\t<\/div>\n\t\t\t\t\t\t\t\t<\/div>\n\t\t\t\t<\/div>\n\t\t\t\t\t<\/div>\n\t\t\t\t<\/div>\n\t\t\t\t<\/div>\n\t\t\t\t<div data-elementor-type=\"container\" data-elementor-id=\"304\" class=\"elementor elementor-304 elementor-163 elementor-163\" data-elementor-post-type=\"elementor_library\">\n\t\t\t\t<div class=\"elementor-element elementor-element-31eabc15 p-100 pri-ques-wrap e-flex e-con-boxed e-con e-parent\" data-id=\"31eabc15\" data-element_type=\"container\" data-e-type=\"container\">\n\t\t\t\t\t<div class=\"e-con-inner\">\n\t\t<div class=\"elementor-element elementor-element-7ba8e857 e-con-full bg-pri e-flex e-con e-child\" data-id=\"7ba8e857\" data-element_type=\"container\" data-e-type=\"container\">\n\t\t<div class=\"elementor-element elementor-element-340bd969 e-con-full e-flex e-con e-child\" data-id=\"340bd969\" data-element_type=\"container\" data-e-type=\"container\">\n\t\t\t\t<div class=\"elementor-element elementor-element-7aaebe08 elementor-widget__width-inherit elementor-widget elementor-widget-text-editor\" data-id=\"7aaebe08\" data-element_type=\"widget\" data-e-type=\"widget\" data-widget_type=\"text-editor.default\">\n\t\t\t\t<div class=\"elementor-widget-container\">\n\t\t\t\t\t\t\t\t\t<h2>Des questions?<\/h2>\n<p><\/p>\n<h3>Contactez-nous :<\/h3>\n\t\t\t\t\t\t\t\t<\/div>\n\t\t\t\t<\/div>\n\t\t\t\t<\/div>\n\t\t<div class=\"elementor-element elementor-element-2737fd2f e-con-full e-flex e-con e-child\" data-id=\"2737fd2f\" data-element_type=\"container\" data-e-type=\"container\">\n\t\t\t\t<div class=\"elementor-element elementor-element-34e27f58 text-white fs-lg elementor-widget elementor-widget-text-editor\" data-id=\"34e27f58\" data-element_type=\"widget\" data-e-type=\"widget\" data-widget_type=\"text-editor.default\">\n\t\t\t\t<div class=\"elementor-widget-container\">\n\t\t\t\t\t\t\t\t\t<p>1-800-361-9888<br \/>Du lundi au vendredi, de 8 h 30 \u00e0 16 h 30 HNE<\/p>\n<p><span style=\"text-decoration: underline;\"><a href=\"mailto:info@ententeinsurance.ca\">info@ententeinsurance.ca<\/a><\/span><\/p>\n\t\t\t\t\t\t\t\t<\/div>\n\t\t\t\t<\/div>\n\t\t\t\t<\/div>\n\t\t\t\t<\/div>\n\t\t\t\t\t<\/div>\n\t\t\t\t<\/div>\n\t\t\t\t<\/div>\n\t\t<\/div>\n\t\t\t\t\t\t<\/div>\n\t\t\t\t<\/div>\n\t\t\t\t\t<\/div>\n\t\t\t\t<\/div>\n\t\t<div class=\"elementor-element elementor-element-3319e48 p-60 e-flex e-con-boxed e-con e-parent\" data-id=\"3319e48\" data-element_type=\"container\" data-e-type=\"container\" data-settings=\"{&quot;background_background&quot;:&quot;classic&quot;}\">\n\t\t\t\t\t<div class=\"e-con-inner\">\n\t\t<div class=\"elementor-element elementor-element-6223872 e-con-full e-flex e-con e-child\" data-id=\"6223872\" data-element_type=\"container\" data-e-type=\"container\">\n\t\t\t\t<div class=\"elementor-element elementor-element-c78c228 fs-lg elementor-widget elementor-widget-text-editor\" data-id=\"c78c228\" data-element_type=\"widget\" data-e-type=\"widget\" data-widget_type=\"text-editor.default\">\n\t\t\t\t<div class=\"elementor-widget-container\">\n\t\t\t\t\t\t\t\t\t<p>L\u2019assurance collective pour les membres de l\u2019AMEC-TEAC est offerte en collaboration avec Entente \u00c9ducation Canada par le biais de leur r\u00e9gime d\u2019assurance collective Entente Plus. Entente \u00c9ducation Canada est une organisation active et \u00e0 but non lucratif \u00e9tablie dans le secteur de l\u2019\u00e9ducation au Canada.<\/p><p>Le r\u00e9gime est d\u00e9tenu et exploit\u00e9 par Entente \u00c9ducation Canada sur une base non lucrative. Son \u00e9quipe de confiance poss\u00e8de 50 ann\u00e9es d\u2019exp\u00e9rience reconnues dans la gestion de l\u2019assurance collective en \u00e9ducation.<\/p>\t\t\t\t\t\t\t\t<\/div>\n\t\t\t\t<\/div>\n\t\t\t\t<\/div>\n\t\t<div class=\"elementor-element elementor-element-5023320 e-con-full e-flex e-con e-child\" data-id=\"5023320\" data-element_type=\"container\" data-e-type=\"container\">\n\t\t\t\t<div class=\"elementor-element elementor-element-1f3e070 elementor-widget elementor-widget-image\" data-id=\"1f3e070\" data-element_type=\"widget\" data-e-type=\"widget\" data-widget_type=\"image.default\">\n\t\t\t\t<div class=\"elementor-widget-container\">\n\t\t\t\t\t\t\t\t\t\t\t\t\t\t\t<img loading=\"lazy\" decoding=\"async\" width=\"1\" height=\"1\" src=\"https:\/\/amec-teac.ententeinsurance.ca\/wp-content\/uploads\/sites\/5\/2026\/02\/entente-white-logo.svg\" class=\"attachment-large size-large wp-image-592\" alt=\"\" \/>\t\t\t\t\t\t\t\t\t\t\t\t\t\t\t<\/div>\n\t\t\t\t<\/div>\n\t\t\t\t<\/div>\n\t\t\t\t\t<\/div>\n\t\t\t\t<\/div>\n\t\t<div class=\"elementor-element elementor-element-6bcc814 p-100 e-flex e-con-boxed e-con e-parent\" data-id=\"6bcc814\" data-element_type=\"container\" data-e-type=\"container\">\n\t\t\t\t\t<div class=\"e-con-inner\">\n\t\t\t\t<div class=\"elementor-element elementor-element-ffa24d7 color-pr  elementor-widget elementor-widget-heading\" data-id=\"ffa24d7\" data-element_type=\"widget\" data-e-type=\"widget\" data-widget_type=\"heading.default\">\n\t\t\t\t<div class=\"elementor-widget-container\">\n\t\t\t\t\t<h2 class=\"elementor-heading-title elementor-size-default\">Plus de d\u00e9tails\n<\/h2>\t\t\t\t<\/div>\n\t\t\t\t<\/div>\n\t\t\t\t<div class=\"elementor-element elementor-element-2e2154a elementor-grid-1 elementor-grid-tablet-1 elementor-grid-mobile-1 elementor-widget elementor-widget-loop-grid\" data-id=\"2e2154a\" data-element_type=\"widget\" data-e-type=\"widget\" data-settings=\"{&quot;template_id&quot;:98,&quot;columns&quot;:&quot;1&quot;,&quot;columns_tablet&quot;:&quot;1&quot;,&quot;_skin&quot;:&quot;post&quot;,&quot;columns_mobile&quot;:&quot;1&quot;,&quot;edit_handle_selector&quot;:&quot;[data-elementor-type=\\&quot;loop-item\\&quot;]&quot;,&quot;row_gap&quot;:{&quot;unit&quot;:&quot;px&quot;,&quot;size&quot;:&quot;&quot;,&quot;sizes&quot;:[]},&quot;row_gap_tablet&quot;:{&quot;unit&quot;:&quot;px&quot;,&quot;size&quot;:&quot;&quot;,&quot;sizes&quot;:[]},&quot;row_gap_mobile&quot;:{&quot;unit&quot;:&quot;px&quot;,&quot;size&quot;:&quot;&quot;,&quot;sizes&quot;:[]}}\" data-widget_type=\"loop-grid.post\">\n\t\t\t\t<div class=\"elementor-widget-container\">\n\t\t\t\t\t\t\t<div class=\"elementor-loop-container elementor-grid\" role=\"list\">\n\t\t<style id=\"loop-98\">.elementor-98 .elementor-element.elementor-element-b1a7489{--display:flex;--padding-top:0px;--padding-bottom:0px;--padding-left:0px;--padding-right:0px;}.elementor-98 .elementor-element.elementor-element-61b8e03{--display:flex;--padding-top:0px;--padding-bottom:0px;--padding-left:0px;--padding-right:0px;}.elementor-98 .elementor-element.elementor-element-48bf37d{width:100%;max-width:100%;}.elementor-98 .elementor-element.elementor-element-6c477b6{--n-accordion-title-justify-content:space-between;--n-accordion-title-flex-grow:1;--n-accordion-title-icon-order:initial;--n-accordion-title-font-size:1,75rem;--n-accordion-item-title-space-between:0px;--n-accordion-item-title-distance-from-content:0px;--n-accordion-icon-size:22px;width:100%;max-width:100%;}<\/style>\t\t<div data-elementor-type=\"loop-item\" data-elementor-id=\"98\" class=\"elementor elementor-98 e-loop-item e-loop-item-737 post-737 faqs type-faqs status-publish hentry faqs_categories-insurance\" data-elementor-post-type=\"elementor_library\" data-custom-edit-handle=\"1\">\n\t\t\t<div class=\"elementor-element elementor-element-b1a7489 e-flex e-con-boxed e-con e-parent\" data-id=\"b1a7489\" data-element_type=\"container\" data-e-type=\"container\">\n\t\t\t\t\t<div class=\"e-con-inner\">\n\t\t\t\t<div class=\"elementor-element elementor-element-6c477b6 elementor-widget__width-inherit accordion-wrap elementor-widget elementor-widget-n-accordion\" data-id=\"6c477b6\" data-element_type=\"widget\" data-e-type=\"widget\" data-settings=\"{&quot;default_state&quot;:&quot;all_collapsed&quot;,&quot;max_items_expended&quot;:&quot;one&quot;,&quot;n_accordion_animation_duration&quot;:{&quot;unit&quot;:&quot;ms&quot;,&quot;size&quot;:400,&quot;sizes&quot;:[]}}\" data-widget_type=\"nested-accordion.default\">\n\t\t\t\t<div class=\"elementor-widget-container\">\n\t\t\t\t\t\t\t<div class=\"e-n-accordion\" aria-label=\"Accordion. Open links with Enter or Space, close with Escape, and navigate with Arrow Keys\">\n\t\t\t\t\t\t<details id=\"e-n-accordion-item-1130\" class=\"e-n-accordion-item\" >\n\t\t\t\t<summary class=\"e-n-accordion-item-title\" data-accordion-index=\"1\" tabindex=\"0\" aria-expanded=\"false\" aria-controls=\"e-n-accordion-item-1130\" >\n\t\t\t\t\t<span class='e-n-accordion-item-title-header'><h3 class=\"e-n-accordion-item-title-text\"> Dois-je remplir un questionnaire m\u00e9dical pour souscrire l\u2019assurance? <\/h3><\/span>\n\t\t\t\t\t\t\t<span class='e-n-accordion-item-title-icon'>\n\t\t\t<span class='e-opened' ><i aria-hidden=\"true\" class=\"fas fa-minus-circle\"><\/i><\/span>\n\t\t\t<span class='e-closed'><i aria-hidden=\"true\" class=\"fas fa-plus-circle\"><\/i><\/span>\n\t\t<\/span>\n\n\t\t\t\t\t\t<\/summary>\n\t\t\t\t<div role=\"region\" aria-labelledby=\"e-n-accordion-item-1130\" class=\"elementor-element elementor-element-61b8e03 e-con-full accordion-desc e-flex e-con e-child\" data-id=\"61b8e03\" data-element_type=\"container\" data-e-type=\"container\">\n\t\t\t\t<div class=\"elementor-element elementor-element-48bf37d elementor-widget__width-inherit elementor-widget elementor-widget-theme-post-content\" data-id=\"48bf37d\" data-element_type=\"widget\" data-e-type=\"widget\" data-widget_type=\"theme-post-content.default\">\n\t\t\t\t<div class=\"elementor-widget-container\">\n\t\t\t\t\t<p>Les membres de l\u2019AMEC-TEAC qui adh\u00e8rent avant le 30 juin, 2026 n\u2019ont pas besoin de remplir un questionnaire m\u00e9dical.<\/p>\n<p>Les membres qui ne sont pas couverts par un r\u00e9gime collectif et qui adh\u00e8rent apr\u00e8s le 30 juin doivent remplir un questionnaire m\u00e9dical pour b\u00e9n\u00e9ficier du r\u00e9gime assurance maladie compl\u00e9mentaire et assurance hospitalisation.<\/p>\n<p>Aucun examen m\u00e9dical n\u2019est requis si vous transf\u00e9rez d\u2019un autre r\u00e9gime collectif ou ajoutez une protection additionnelle.<\/p>\n\t\t\t\t<\/div>\n\t\t\t\t<\/div>\n\t\t\t\t<\/div>\n\t\t\t\t\t<\/details>\n\t\t\t\t\t<\/div>\n\t\t\t\t\t\t<\/div>\n\t\t\t\t<\/div>\n\t\t\t\t\t<\/div>\n\t\t\t\t<\/div>\n\t\t\t\t<\/div>\n\t\t\t\t<div data-elementor-type=\"loop-item\" data-elementor-id=\"98\" class=\"elementor elementor-98 e-loop-item e-loop-item-738 post-738 faqs type-faqs status-publish hentry faqs_categories-insurance\" data-elementor-post-type=\"elementor_library\" data-custom-edit-handle=\"1\">\n\t\t\t<div class=\"elementor-element elementor-element-b1a7489 e-flex e-con-boxed e-con e-parent\" data-id=\"b1a7489\" data-element_type=\"container\" data-e-type=\"container\">\n\t\t\t\t\t<div class=\"e-con-inner\">\n\t\t\t\t<div class=\"elementor-element elementor-element-6c477b6 elementor-widget__width-inherit accordion-wrap elementor-widget elementor-widget-n-accordion\" data-id=\"6c477b6\" data-element_type=\"widget\" data-e-type=\"widget\" data-settings=\"{&quot;default_state&quot;:&quot;all_collapsed&quot;,&quot;max_items_expended&quot;:&quot;one&quot;,&quot;n_accordion_animation_duration&quot;:{&quot;unit&quot;:&quot;ms&quot;,&quot;size&quot;:400,&quot;sizes&quot;:[]}}\" data-widget_type=\"nested-accordion.default\">\n\t\t\t\t<div class=\"elementor-widget-container\">\n\t\t\t\t\t\t\t<div class=\"e-n-accordion\" aria-label=\"Accordion. Open links with Enter or Space, close with Escape, and navigate with Arrow Keys\">\n\t\t\t\t\t\t<details id=\"e-n-accordion-item-1130\" class=\"e-n-accordion-item\" >\n\t\t\t\t<summary class=\"e-n-accordion-item-title\" data-accordion-index=\"1\" tabindex=\"0\" aria-expanded=\"false\" aria-controls=\"e-n-accordion-item-1130\" >\n\t\t\t\t\t<span class='e-n-accordion-item-title-header'><h3 class=\"e-n-accordion-item-title-text\"> \u00c0 compter de quelle date ma couverture s\u2019applique-t-elle? <\/h3><\/span>\n\t\t\t\t\t\t\t<span class='e-n-accordion-item-title-icon'>\n\t\t\t<span class='e-opened' ><i aria-hidden=\"true\" class=\"fas fa-minus-circle\"><\/i><\/span>\n\t\t\t<span class='e-closed'><i aria-hidden=\"true\" class=\"fas fa-plus-circle\"><\/i><\/span>\n\t\t<\/span>\n\n\t\t\t\t\t\t<\/summary>\n\t\t\t\t<div role=\"region\" aria-labelledby=\"e-n-accordion-item-1130\" class=\"elementor-element elementor-element-61b8e03 e-con-full accordion-desc e-flex e-con e-child\" data-id=\"61b8e03\" data-element_type=\"container\" data-e-type=\"container\">\n\t\t\t\t<div class=\"elementor-element elementor-element-48bf37d elementor-widget__width-inherit elementor-widget elementor-widget-theme-post-content\" data-id=\"48bf37d\" data-element_type=\"widget\" data-e-type=\"widget\" data-widget_type=\"theme-post-content.default\">\n\t\t\t\t<div class=\"elementor-widget-container\">\n\t\t\t\t\t<p><strong>Faites-vous votre demande avant le 30 juin 2026?<\/strong><br \/>\nVotre acceptation est garantie et votre couverture peut d\u00e9buter \u00e0 la date de votre choix durant cette p\u00e9riode d\u2019acceptation garantie.<\/p>\n<p><strong>Faites-vous votre demande apr\u00e8s le 30 juin 2026?<\/strong><br \/>\nSi vous passez d\u2019un r\u00e9gime collectif \u00e0 un autre, votre couverture peut d\u00e9buter \u00e0 n\u2019importe quelle date apr\u00e8s la fin de votre couverture actuelle, \u00e0 condition que ce soit dans les 60 jours suivant cette date.<\/p>\n<p><strong>Vous faites votre demande apr\u00e8s le 30 juin et n\u2019avez pas de r\u00e9gime collectif?<\/strong><\/p>\n<ul>\n<li>L\u2019assurance maladie compl\u00e9mentaire et l\u2019assurance hospitalisation s\u2019appliqueront lorsque votre demande aura \u00e9t\u00e9 approuv\u00e9e et que nous aurons examin\u00e9 votre questionnaire m\u00e9dical.<\/li>\n<li>L\u2019assurance dentaire s\u2019applique \u00e0 compter de la date que vous choisissez, aucun examen m\u00e9dical requis avec un engagement de 24 mois.<\/li>\n<\/ul>\n\t\t\t\t<\/div>\n\t\t\t\t<\/div>\n\t\t\t\t<\/div>\n\t\t\t\t\t<\/details>\n\t\t\t\t\t<\/div>\n\t\t\t\t\t\t<\/div>\n\t\t\t\t<\/div>\n\t\t\t\t\t<\/div>\n\t\t\t\t<\/div>\n\t\t\t\t<\/div>\n\t\t\t\t<div data-elementor-type=\"loop-item\" data-elementor-id=\"98\" class=\"elementor elementor-98 e-loop-item e-loop-item-739 post-739 faqs type-faqs status-publish hentry faqs_categories-insurance\" data-elementor-post-type=\"elementor_library\" data-custom-edit-handle=\"1\">\n\t\t\t<div class=\"elementor-element elementor-element-b1a7489 e-flex e-con-boxed e-con e-parent\" data-id=\"b1a7489\" data-element_type=\"container\" data-e-type=\"container\">\n\t\t\t\t\t<div class=\"e-con-inner\">\n\t\t\t\t<div class=\"elementor-element elementor-element-6c477b6 elementor-widget__width-inherit accordion-wrap elementor-widget elementor-widget-n-accordion\" data-id=\"6c477b6\" data-element_type=\"widget\" data-e-type=\"widget\" data-settings=\"{&quot;default_state&quot;:&quot;all_collapsed&quot;,&quot;max_items_expended&quot;:&quot;one&quot;,&quot;n_accordion_animation_duration&quot;:{&quot;unit&quot;:&quot;ms&quot;,&quot;size&quot;:400,&quot;sizes&quot;:[]}}\" data-widget_type=\"nested-accordion.default\">\n\t\t\t\t<div class=\"elementor-widget-container\">\n\t\t\t\t\t\t\t<div class=\"e-n-accordion\" aria-label=\"Accordion. Open links with Enter or Space, close with Escape, and navigate with Arrow Keys\">\n\t\t\t\t\t\t<details id=\"e-n-accordion-item-1130\" class=\"e-n-accordion-item\" >\n\t\t\t\t<summary class=\"e-n-accordion-item-title\" data-accordion-index=\"1\" tabindex=\"0\" aria-expanded=\"false\" aria-controls=\"e-n-accordion-item-1130\" >\n\t\t\t\t\t<span class='e-n-accordion-item-title-header'><h3 class=\"e-n-accordion-item-title-text\"> Quel d\u00e9lai est n\u00e9cessaire pour approuver ma demande si je dois remplir le questionnaire m\u00e9dical? <\/h3><\/span>\n\t\t\t\t\t\t\t<span class='e-n-accordion-item-title-icon'>\n\t\t\t<span class='e-opened' ><i aria-hidden=\"true\" class=\"fas fa-minus-circle\"><\/i><\/span>\n\t\t\t<span class='e-closed'><i aria-hidden=\"true\" class=\"fas fa-plus-circle\"><\/i><\/span>\n\t\t<\/span>\n\n\t\t\t\t\t\t<\/summary>\n\t\t\t\t<div role=\"region\" aria-labelledby=\"e-n-accordion-item-1130\" class=\"elementor-element elementor-element-61b8e03 e-con-full accordion-desc e-flex e-con e-child\" data-id=\"61b8e03\" data-element_type=\"container\" data-e-type=\"container\">\n\t\t\t\t<div class=\"elementor-element elementor-element-48bf37d elementor-widget__width-inherit elementor-widget elementor-widget-theme-post-content\" data-id=\"48bf37d\" data-element_type=\"widget\" data-e-type=\"widget\" data-widget_type=\"theme-post-content.default\">\n\t\t\t\t<div class=\"elementor-widget-container\">\n\t\t\t\t\t<p>L\u2019approbation peut prendre une \u00e0 plusieurs semaines, selon le cas. Si des informations suppl\u00e9mentaires sont n\u00e9cessaires, l\u2019administrateur vous contactera.<\/p>\n\t\t\t\t<\/div>\n\t\t\t\t<\/div>\n\t\t\t\t<\/div>\n\t\t\t\t\t<\/details>\n\t\t\t\t\t<\/div>\n\t\t\t\t\t\t<\/div>\n\t\t\t\t<\/div>\n\t\t\t\t\t<\/div>\n\t\t\t\t<\/div>\n\t\t\t\t<\/div>\n\t\t\t\t<div data-elementor-type=\"loop-item\" data-elementor-id=\"98\" class=\"elementor elementor-98 e-loop-item e-loop-item-740 post-740 faqs type-faqs status-publish hentry faqs_categories-insurance\" data-elementor-post-type=\"elementor_library\" data-custom-edit-handle=\"1\">\n\t\t\t<div class=\"elementor-element elementor-element-b1a7489 e-flex e-con-boxed e-con e-parent\" data-id=\"b1a7489\" data-element_type=\"container\" data-e-type=\"container\">\n\t\t\t\t\t<div class=\"e-con-inner\">\n\t\t\t\t<div class=\"elementor-element elementor-element-6c477b6 elementor-widget__width-inherit accordion-wrap elementor-widget elementor-widget-n-accordion\" data-id=\"6c477b6\" data-element_type=\"widget\" data-e-type=\"widget\" data-settings=\"{&quot;default_state&quot;:&quot;all_collapsed&quot;,&quot;max_items_expended&quot;:&quot;one&quot;,&quot;n_accordion_animation_duration&quot;:{&quot;unit&quot;:&quot;ms&quot;,&quot;size&quot;:400,&quot;sizes&quot;:[]}}\" data-widget_type=\"nested-accordion.default\">\n\t\t\t\t<div class=\"elementor-widget-container\">\n\t\t\t\t\t\t\t<div class=\"e-n-accordion\" aria-label=\"Accordion. Open links with Enter or Space, close with Escape, and navigate with Arrow Keys\">\n\t\t\t\t\t\t<details id=\"e-n-accordion-item-1130\" class=\"e-n-accordion-item\" >\n\t\t\t\t<summary class=\"e-n-accordion-item-title\" data-accordion-index=\"1\" tabindex=\"0\" aria-expanded=\"false\" aria-controls=\"e-n-accordion-item-1130\" >\n\t\t\t\t\t<span class='e-n-accordion-item-title-header'><h3 class=\"e-n-accordion-item-title-text\"> Comment les primes sont-elles factur\u00e9es? <\/h3><\/span>\n\t\t\t\t\t\t\t<span class='e-n-accordion-item-title-icon'>\n\t\t\t<span class='e-opened' ><i aria-hidden=\"true\" class=\"fas fa-minus-circle\"><\/i><\/span>\n\t\t\t<span class='e-closed'><i aria-hidden=\"true\" class=\"fas fa-plus-circle\"><\/i><\/span>\n\t\t<\/span>\n\n\t\t\t\t\t\t<\/summary>\n\t\t\t\t<div role=\"region\" aria-labelledby=\"e-n-accordion-item-1130\" class=\"elementor-element elementor-element-61b8e03 e-con-full accordion-desc e-flex e-con e-child\" data-id=\"61b8e03\" data-element_type=\"container\" data-e-type=\"container\">\n\t\t\t\t<div class=\"elementor-element elementor-element-48bf37d elementor-widget__width-inherit elementor-widget elementor-widget-theme-post-content\" data-id=\"48bf37d\" data-element_type=\"widget\" data-e-type=\"widget\" data-widget_type=\"theme-post-content.default\">\n\t\t\t\t<div class=\"elementor-widget-container\">\n\t\t\t\t\t<p>Les primes sont factur\u00e9es mensuellement le 5e jour de chaque mois, un mois \u00e0 l\u2019avance.<\/p>\n\t\t\t\t<\/div>\n\t\t\t\t<\/div>\n\t\t\t\t<\/div>\n\t\t\t\t\t<\/details>\n\t\t\t\t\t<\/div>\n\t\t\t\t\t\t<\/div>\n\t\t\t\t<\/div>\n\t\t\t\t\t<\/div>\n\t\t\t\t<\/div>\n\t\t\t\t<\/div>\n\t\t\t\t<div data-elementor-type=\"loop-item\" data-elementor-id=\"98\" class=\"elementor elementor-98 e-loop-item e-loop-item-741 post-741 faqs type-faqs status-publish hentry faqs_categories-insurance\" data-elementor-post-type=\"elementor_library\" data-custom-edit-handle=\"1\">\n\t\t\t<div class=\"elementor-element elementor-element-b1a7489 e-flex e-con-boxed e-con e-parent\" data-id=\"b1a7489\" data-element_type=\"container\" data-e-type=\"container\">\n\t\t\t\t\t<div class=\"e-con-inner\">\n\t\t\t\t<div class=\"elementor-element elementor-element-6c477b6 elementor-widget__width-inherit accordion-wrap elementor-widget elementor-widget-n-accordion\" data-id=\"6c477b6\" data-element_type=\"widget\" data-e-type=\"widget\" data-settings=\"{&quot;default_state&quot;:&quot;all_collapsed&quot;,&quot;max_items_expended&quot;:&quot;one&quot;,&quot;n_accordion_animation_duration&quot;:{&quot;unit&quot;:&quot;ms&quot;,&quot;size&quot;:400,&quot;sizes&quot;:[]}}\" data-widget_type=\"nested-accordion.default\">\n\t\t\t\t<div class=\"elementor-widget-container\">\n\t\t\t\t\t\t\t<div class=\"e-n-accordion\" aria-label=\"Accordion. Open links with Enter or Space, close with Escape, and navigate with Arrow Keys\">\n\t\t\t\t\t\t<details id=\"e-n-accordion-item-1130\" class=\"e-n-accordion-item\" >\n\t\t\t\t<summary class=\"e-n-accordion-item-title\" data-accordion-index=\"1\" tabindex=\"0\" aria-expanded=\"false\" aria-controls=\"e-n-accordion-item-1130\" >\n\t\t\t\t\t<span class='e-n-accordion-item-title-header'><h3 class=\"e-n-accordion-item-title-text\"> Dois-je conserver mon adh\u00e9sion \u00e0 la l\u2019AMEC-TEAC pour continuer \u00e0 b\u00e9n\u00e9ficier du r\u00e9gime d\u2019assurance? <\/h3><\/span>\n\t\t\t\t\t\t\t<span class='e-n-accordion-item-title-icon'>\n\t\t\t<span class='e-opened' ><i aria-hidden=\"true\" class=\"fas fa-minus-circle\"><\/i><\/span>\n\t\t\t<span class='e-closed'><i aria-hidden=\"true\" class=\"fas fa-plus-circle\"><\/i><\/span>\n\t\t<\/span>\n\n\t\t\t\t\t\t<\/summary>\n\t\t\t\t<div role=\"region\" aria-labelledby=\"e-n-accordion-item-1130\" class=\"elementor-element elementor-element-61b8e03 e-con-full accordion-desc e-flex e-con e-child\" data-id=\"61b8e03\" data-element_type=\"container\" data-e-type=\"container\">\n\t\t\t\t<div class=\"elementor-element elementor-element-48bf37d elementor-widget__width-inherit elementor-widget elementor-widget-theme-post-content\" data-id=\"48bf37d\" data-element_type=\"widget\" data-e-type=\"widget\" data-widget_type=\"theme-post-content.default\">\n\t\t\t\t<div class=\"elementor-widget-container\">\n\t\t\t\t\t<p>Oui, l\u2019acc\u00e8s au r\u00e9gime complet d\u2019assurance collective est l\u2019un des avantages d\u2019\u00eatre membre de l\u2019AMEC-TEAC. Vous devez rester membre de l\u2019AMEC-TEAC pour que votre assurance reste en vigueur.<\/p>\n\t\t\t\t<\/div>\n\t\t\t\t<\/div>\n\t\t\t\t<\/div>\n\t\t\t\t\t<\/details>\n\t\t\t\t\t<\/div>\n\t\t\t\t\t\t<\/div>\n\t\t\t\t<\/div>\n\t\t\t\t\t<\/div>\n\t\t\t\t<\/div>\n\t\t\t\t<\/div>\n\t\t\t\t<div data-elementor-type=\"loop-item\" data-elementor-id=\"98\" class=\"elementor elementor-98 e-loop-item e-loop-item-742 post-742 faqs type-faqs status-publish hentry faqs_categories-insurance\" data-elementor-post-type=\"elementor_library\" data-custom-edit-handle=\"1\">\n\t\t\t<div class=\"elementor-element elementor-element-b1a7489 e-flex e-con-boxed e-con e-parent\" data-id=\"b1a7489\" data-element_type=\"container\" data-e-type=\"container\">\n\t\t\t\t\t<div class=\"e-con-inner\">\n\t\t\t\t<div class=\"elementor-element elementor-element-6c477b6 elementor-widget__width-inherit accordion-wrap elementor-widget elementor-widget-n-accordion\" data-id=\"6c477b6\" data-element_type=\"widget\" data-e-type=\"widget\" data-settings=\"{&quot;default_state&quot;:&quot;all_collapsed&quot;,&quot;max_items_expended&quot;:&quot;one&quot;,&quot;n_accordion_animation_duration&quot;:{&quot;unit&quot;:&quot;ms&quot;,&quot;size&quot;:400,&quot;sizes&quot;:[]}}\" data-widget_type=\"nested-accordion.default\">\n\t\t\t\t<div class=\"elementor-widget-container\">\n\t\t\t\t\t\t\t<div class=\"e-n-accordion\" aria-label=\"Accordion. Open links with Enter or Space, close with Escape, and navigate with Arrow Keys\">\n\t\t\t\t\t\t<details id=\"e-n-accordion-item-1130\" class=\"e-n-accordion-item\" >\n\t\t\t\t<summary class=\"e-n-accordion-item-title\" data-accordion-index=\"1\" tabindex=\"0\" aria-expanded=\"false\" aria-controls=\"e-n-accordion-item-1130\" >\n\t\t\t\t\t<span class='e-n-accordion-item-title-header'><h3 class=\"e-n-accordion-item-title-text\"> Qui est admissible dans mon foyer? <\/h3><\/span>\n\t\t\t\t\t\t\t<span class='e-n-accordion-item-title-icon'>\n\t\t\t<span class='e-opened' ><i aria-hidden=\"true\" class=\"fas fa-minus-circle\"><\/i><\/span>\n\t\t\t<span class='e-closed'><i aria-hidden=\"true\" class=\"fas fa-plus-circle\"><\/i><\/span>\n\t\t<\/span>\n\n\t\t\t\t\t\t<\/summary>\n\t\t\t\t<div role=\"region\" aria-labelledby=\"e-n-accordion-item-1130\" class=\"elementor-element elementor-element-61b8e03 e-con-full accordion-desc e-flex e-con e-child\" data-id=\"61b8e03\" data-element_type=\"container\" data-e-type=\"container\">\n\t\t\t\t<div class=\"elementor-element elementor-element-48bf37d elementor-widget__width-inherit elementor-widget elementor-widget-theme-post-content\" data-id=\"48bf37d\" data-element_type=\"widget\" data-e-type=\"widget\" data-widget_type=\"theme-post-content.default\">\n\t\t\t\t<div class=\"elementor-widget-container\">\n\t\t\t\t\t<p>Votre conjoint ou partenaire n\u2019a pas besoin d\u2019\u00eatre membre pour b\u00e9n\u00e9ficier des protections offertes. Cela inclut un conjoint par mariage l\u00e9gal ou un partenaire ayant v\u00e9cu avec vous pendant au moins les 12 derniers mois. La couverture est disponible pour :<\/p>\n<ul>\n<li>Les enfants non mari\u00e9s de moins de 21 ans qui ne travaillent pas \u00e0 temps plein<\/li>\n<li>Les enfants non mari\u00e9s de moins de 30 ans qui sont inscrits comme \u00e9tudiants \u00e0 temps plein dans un \u00e9tablissement d\u2019enseignement post-secondaire et qui sont \u00e0 votre charge<\/li>\n<li>Les enfants handicap\u00e9s de tout \u00e2ge<\/li>\n<\/ul>\n\t\t\t\t<\/div>\n\t\t\t\t<\/div>\n\t\t\t\t<\/div>\n\t\t\t\t\t<\/details>\n\t\t\t\t\t<\/div>\n\t\t\t\t\t\t<\/div>\n\t\t\t\t<\/div>\n\t\t\t\t\t<\/div>\n\t\t\t\t<\/div>\n\t\t\t\t<\/div>\n\t\t\t\t<div data-elementor-type=\"loop-item\" data-elementor-id=\"98\" class=\"elementor elementor-98 e-loop-item e-loop-item-743 post-743 faqs type-faqs status-publish hentry faqs_categories-insurance\" data-elementor-post-type=\"elementor_library\" data-custom-edit-handle=\"1\">\n\t\t\t<div class=\"elementor-element elementor-element-b1a7489 e-flex e-con-boxed e-con e-parent\" data-id=\"b1a7489\" data-element_type=\"container\" data-e-type=\"container\">\n\t\t\t\t\t<div class=\"e-con-inner\">\n\t\t\t\t<div class=\"elementor-element elementor-element-6c477b6 elementor-widget__width-inherit accordion-wrap elementor-widget elementor-widget-n-accordion\" data-id=\"6c477b6\" data-element_type=\"widget\" data-e-type=\"widget\" data-settings=\"{&quot;default_state&quot;:&quot;all_collapsed&quot;,&quot;max_items_expended&quot;:&quot;one&quot;,&quot;n_accordion_animation_duration&quot;:{&quot;unit&quot;:&quot;ms&quot;,&quot;size&quot;:400,&quot;sizes&quot;:[]}}\" data-widget_type=\"nested-accordion.default\">\n\t\t\t\t<div class=\"elementor-widget-container\">\n\t\t\t\t\t\t\t<div class=\"e-n-accordion\" aria-label=\"Accordion. Open links with Enter or Space, close with Escape, and navigate with Arrow Keys\">\n\t\t\t\t\t\t<details id=\"e-n-accordion-item-1130\" class=\"e-n-accordion-item\" >\n\t\t\t\t<summary class=\"e-n-accordion-item-title\" data-accordion-index=\"1\" tabindex=\"0\" aria-expanded=\"false\" aria-controls=\"e-n-accordion-item-1130\" >\n\t\t\t\t\t<span class='e-n-accordion-item-title-header'><h3 class=\"e-n-accordion-item-title-text\"> Qui exploite et fournit le service pour le r\u00e9gime d\u2019assurance collective Entente Plus? <\/h3><\/span>\n\t\t\t\t\t\t\t<span class='e-n-accordion-item-title-icon'>\n\t\t\t<span class='e-opened' ><i aria-hidden=\"true\" class=\"fas fa-minus-circle\"><\/i><\/span>\n\t\t\t<span class='e-closed'><i aria-hidden=\"true\" class=\"fas fa-plus-circle\"><\/i><\/span>\n\t\t<\/span>\n\n\t\t\t\t\t\t<\/summary>\n\t\t\t\t<div role=\"region\" aria-labelledby=\"e-n-accordion-item-1130\" class=\"elementor-element elementor-element-61b8e03 e-con-full accordion-desc e-flex e-con e-child\" data-id=\"61b8e03\" data-element_type=\"container\" data-e-type=\"container\">\n\t\t\t\t<div class=\"elementor-element elementor-element-48bf37d elementor-widget__width-inherit elementor-widget elementor-widget-theme-post-content\" data-id=\"48bf37d\" data-element_type=\"widget\" data-e-type=\"widget\" data-widget_type=\"theme-post-content.default\">\n\t\t\t\t<div class=\"elementor-widget-container\">\n\t\t\t\t\t<p>Les r\u00e9gimes d\u2019assurance collective Entente Plus &#8211; assurance maladie compl\u00e9mentaire, assurance dentaire, assurance hospitalisation et convalescence &#8211; sont d\u00e9tenus et exploit\u00e9s sans but lucratif par Entente \u00c9ducation Canada (anciennement RTOERO). Le conseil d\u2019administration et le comit\u00e9 des assurances, dirig\u00e9s par des b\u00e9n\u00e9voles, g\u00e8rent la conception du r\u00e9gime et les primes en priorisant l\u2019int\u00e9r\u00eat des membres participant au r\u00e9gime.<\/p>\n<p>Le service aux membres est fourni par GreenShield, qui agit en tant qu\u2019administrateur des r\u00e9clamations et des services.<\/p>\n<p>La Compagnie d\u2019assurance-vie Premi\u00e8re du Canada et la Compagnie d\u2019assurance g\u00e9n\u00e9rale Premi\u00e8re du Canada, agissant collectivement sous le nom de Securian Canada, assurent et souscrivent les r\u00e9gimes assurance maladie compl\u00e9mentaire, assurance hospitalisation et convalescence, assurance dentaire, assurance voyage et la protection suppl\u00e9mentaire d\u2019assurance voyage, en fournissant du soutien et de l\u2019aide, y compris la souscription des risques, l\u2019examen et le traitement des formulaires de preuve d\u2019assurabilit\u00e9 et en veillant \u00e0 ce que la couverture r\u00e9ponde aux exigences r\u00e9glementaires applicables.<\/p>\n\t\t\t\t<\/div>\n\t\t\t\t<\/div>\n\t\t\t\t<\/div>\n\t\t\t\t\t<\/details>\n\t\t\t\t\t<\/div>\n\t\t\t\t\t\t<\/div>\n\t\t\t\t<\/div>\n\t\t\t\t\t<\/div>\n\t\t\t\t<\/div>\n\t\t\t\t<\/div>\n\t\t\t\t<\/div>\n\t\t\n\t\t\t\t\t\t<\/div>\n\t\t\t\t<\/div>\n\t\t\t\t\t<\/div>\n\t\t\t\t<\/div>\n\t\t\t\t<\/div>\n\t\t","protected":false},"excerpt":{"rendered":"<p>Favorisez votre bien-\u00eatre avec l\u2019assurance maladie et l\u2019assurance voyage collectives pour les membres de l\u2019AMEC-TEAC Offerts par le r\u00e9gime d\u2019assurance collective Entente Plus Devenir membre Pour conna\u00eetre tous les d\u00e9tails, consultez le Livret des r\u00e9gimes d\u2019assurance collective Entente Plus. T\u00e9l\u00e9charger L\u2019assurance collective pour les membres de l\u2019AMEC-TEAC est offerte en collaboration avec Entente \u00c9ducation Canada [&hellip;]<\/p>\n","protected":false},"author":4,"featured_media":0,"parent":0,"menu_order":0,"comment_status":"closed","ping_status":"closed","template":"","meta":{"_acf_changed":false,"inline_featured_image":false,"footnotes":""},"class_list":["post-200","page","type-page","status-publish","hentry"],"acf":[],"yoast_head":"<!-- This site is optimized with the Yoast SEO plugin v27.4 - https:\/\/yoast.com\/product\/yoast-seo-wordpress\/ -->\n<title>AMEC-TEAC - Assurance collective pour les membres de la PGA du Canada<\/title>\n<meta name=\"robots\" content=\"noindex, follow, max-snippet:-1, max-image-preview:large, max-video-preview:-1\" \/>\n<meta property=\"og:locale\" content=\"fr_FR\" \/>\n<meta property=\"og:type\" content=\"article\" \/>\n<meta property=\"og:title\" content=\"AMEC-TEAC - Assurance collective pour les membres de la PGA du Canada\" \/>\n<meta property=\"og:description\" content=\"Favorisez votre bien-\u00eatre avec l\u2019assurance maladie et l\u2019assurance voyage collectives pour les membres de l\u2019AMEC-TEAC Offerts par le r\u00e9gime d\u2019assurance collective Entente Plus Devenir membre Pour conna\u00eetre tous les d\u00e9tails, consultez le Livret des r\u00e9gimes d\u2019assurance collective Entente Plus. T\u00e9l\u00e9charger L\u2019assurance collective pour les membres de l\u2019AMEC-TEAC est offerte en collaboration avec Entente \u00c9ducation Canada [&hellip;]\" \/>\n<meta property=\"og:url\" content=\"https:\/\/amec-teac.ententeinsurance.ca\/fr\/\" \/>\n<meta property=\"og:site_name\" content=\"Assurance collective pour les membres de la PGA du Canada\" \/>\n<meta property=\"article:modified_time\" content=\"2026-02-19T17:20:15+00:00\" \/>\n<meta property=\"og:image\" content=\"https:\/\/amec-teac.ententeinsurance.ca\/media\/Group-Insurance-Program-booklet.jpg\" \/>\n<meta name=\"twitter:card\" content=\"summary_large_image\" \/>\n<meta name=\"twitter:label1\" content=\"Dur\u00e9e de lecture estim\u00e9e\" \/>\n\t<meta name=\"twitter:data1\" content=\"11 minutes\" \/>\n<script type=\"application\/ld+json\" class=\"yoast-schema-graph\">{\"@context\":\"https:\\\/\\\/schema.org\",\"@graph\":[{\"@type\":\"WebPage\",\"@id\":\"https:\\\/\\\/amec-teac.ententeinsurance.ca\\\/fr\\\/\",\"url\":\"https:\\\/\\\/amec-teac.ententeinsurance.ca\\\/fr\\\/\",\"name\":\"AMEC-TEAC - Assurance collective pour les membres de la PGA du Canada\",\"isPartOf\":{\"@id\":\"https:\\\/\\\/amec-teac.ententeinsurance.ca\\\/fr\\\/#website\"},\"primaryImageOfPage\":{\"@id\":\"https:\\\/\\\/amec-teac.ententeinsurance.ca\\\/fr\\\/#primaryimage\"},\"image\":{\"@id\":\"https:\\\/\\\/amec-teac.ententeinsurance.ca\\\/fr\\\/#primaryimage\"},\"thumbnailUrl\":\"https:\\\/\\\/amec-teac.ententeinsurance.ca\\\/media\\\/Group-Insurance-Program-booklet.jpg\",\"datePublished\":\"2024-11-26T16:36:36+00:00\",\"dateModified\":\"2026-02-19T17:20:15+00:00\",\"breadcrumb\":{\"@id\":\"https:\\\/\\\/amec-teac.ententeinsurance.ca\\\/fr\\\/#breadcrumb\"},\"inLanguage\":\"fr-FR\",\"potentialAction\":[{\"@type\":\"ReadAction\",\"target\":[\"https:\\\/\\\/amec-teac.ententeinsurance.ca\\\/fr\\\/\"]}]},{\"@type\":\"ImageObject\",\"inLanguage\":\"fr-FR\",\"@id\":\"https:\\\/\\\/amec-teac.ententeinsurance.ca\\\/fr\\\/#primaryimage\",\"url\":\"https:\\\/\\\/amec-teac.ententeinsurance.ca\\\/media\\\/Group-Insurance-Program-booklet.jpg\",\"contentUrl\":\"https:\\\/\\\/amec-teac.ententeinsurance.ca\\\/media\\\/Group-Insurance-Program-booklet.jpg\"},{\"@type\":\"BreadcrumbList\",\"@id\":\"https:\\\/\\\/amec-teac.ententeinsurance.ca\\\/fr\\\/#breadcrumb\",\"itemListElement\":[{\"@type\":\"ListItem\",\"position\":1,\"name\":\"Home\",\"item\":\"https:\\\/\\\/amec-teac.ententeinsurance.ca\\\/fr\\\/\"},{\"@type\":\"ListItem\",\"position\":2,\"name\":\"AMEC-TEAC\"}]},{\"@type\":\"WebSite\",\"@id\":\"https:\\\/\\\/amec-teac.ententeinsurance.ca\\\/fr\\\/#website\",\"url\":\"https:\\\/\\\/amec-teac.ententeinsurance.ca\\\/fr\\\/\",\"name\":\"Assurance collective pour les membres de la PGA du Canada\",\"description\":\"Entente Group Insurance Program\",\"potentialAction\":[{\"@type\":\"SearchAction\",\"target\":{\"@type\":\"EntryPoint\",\"urlTemplate\":\"https:\\\/\\\/amec-teac.ententeinsurance.ca\\\/fr\\\/?s={search_term_string}\"},\"query-input\":{\"@type\":\"PropertyValueSpecification\",\"valueRequired\":true,\"valueName\":\"search_term_string\"}}],\"inLanguage\":\"fr-FR\"}]}<\/script>\n<!-- \/ Yoast SEO plugin. -->","yoast_head_json":{"title":"AMEC-TEAC - Assurance collective pour les membres de la PGA du Canada","robots":{"index":"noindex","follow":"follow","max-snippet":"max-snippet:-1","max-image-preview":"max-image-preview:large","max-video-preview":"max-video-preview:-1"},"og_locale":"fr_FR","og_type":"article","og_title":"AMEC-TEAC - Assurance collective pour les membres de la PGA du Canada","og_description":"Favorisez votre bien-\u00eatre avec l\u2019assurance maladie et l\u2019assurance voyage collectives pour les membres de l\u2019AMEC-TEAC Offerts par le r\u00e9gime d\u2019assurance collective Entente Plus Devenir membre Pour conna\u00eetre tous les d\u00e9tails, consultez le Livret des r\u00e9gimes d\u2019assurance collective Entente Plus. T\u00e9l\u00e9charger L\u2019assurance collective pour les membres de l\u2019AMEC-TEAC est offerte en collaboration avec Entente \u00c9ducation Canada [&hellip;]","og_url":"https:\/\/amec-teac.ententeinsurance.ca\/fr\/","og_site_name":"Assurance collective pour les membres de la PGA du Canada","article_modified_time":"2026-02-19T17:20:15+00:00","og_image":[{"url":"https:\/\/amec-teac.ententeinsurance.ca\/media\/Group-Insurance-Program-booklet.jpg","type":"","width":"","height":""}],"twitter_card":"summary_large_image","twitter_misc":{"Dur\u00e9e de lecture estim\u00e9e":"11 minutes"},"schema":{"@context":"https:\/\/schema.org","@graph":[{"@type":"WebPage","@id":"https:\/\/amec-teac.ententeinsurance.ca\/fr\/","url":"https:\/\/amec-teac.ententeinsurance.ca\/fr\/","name":"AMEC-TEAC - Assurance collective pour les membres de la PGA du Canada","isPartOf":{"@id":"https:\/\/amec-teac.ententeinsurance.ca\/fr\/#website"},"primaryImageOfPage":{"@id":"https:\/\/amec-teac.ententeinsurance.ca\/fr\/#primaryimage"},"image":{"@id":"https:\/\/amec-teac.ententeinsurance.ca\/fr\/#primaryimage"},"thumbnailUrl":"https:\/\/amec-teac.ententeinsurance.ca\/media\/Group-Insurance-Program-booklet.jpg","datePublished":"2024-11-26T16:36:36+00:00","dateModified":"2026-02-19T17:20:15+00:00","breadcrumb":{"@id":"https:\/\/amec-teac.ententeinsurance.ca\/fr\/#breadcrumb"},"inLanguage":"fr-FR","potentialAction":[{"@type":"ReadAction","target":["https:\/\/amec-teac.ententeinsurance.ca\/fr\/"]}]},{"@type":"ImageObject","inLanguage":"fr-FR","@id":"https:\/\/amec-teac.ententeinsurance.ca\/fr\/#primaryimage","url":"https:\/\/amec-teac.ententeinsurance.ca\/media\/Group-Insurance-Program-booklet.jpg","contentUrl":"https:\/\/amec-teac.ententeinsurance.ca\/media\/Group-Insurance-Program-booklet.jpg"},{"@type":"BreadcrumbList","@id":"https:\/\/amec-teac.ententeinsurance.ca\/fr\/#breadcrumb","itemListElement":[{"@type":"ListItem","position":1,"name":"Home","item":"https:\/\/amec-teac.ententeinsurance.ca\/fr\/"},{"@type":"ListItem","position":2,"name":"AMEC-TEAC"}]},{"@type":"WebSite","@id":"https:\/\/amec-teac.ententeinsurance.ca\/fr\/#website","url":"https:\/\/amec-teac.ententeinsurance.ca\/fr\/","name":"Assurance collective pour les membres de la PGA du Canada","description":"Entente Group Insurance Program","potentialAction":[{"@type":"SearchAction","target":{"@type":"EntryPoint","urlTemplate":"https:\/\/amec-teac.ententeinsurance.ca\/fr\/?s={search_term_string}"},"query-input":{"@type":"PropertyValueSpecification","valueRequired":true,"valueName":"search_term_string"}}],"inLanguage":"fr-FR"}]}},"_links":{"self":[{"href":"https:\/\/amec-teac.ententeinsurance.ca\/fr\/wp-json\/wp\/v2\/pages\/200","targetHints":{"allow":["GET"]}}],"collection":[{"href":"https:\/\/amec-teac.ententeinsurance.ca\/fr\/wp-json\/wp\/v2\/pages"}],"about":[{"href":"https:\/\/amec-teac.ententeinsurance.ca\/fr\/wp-json\/wp\/v2\/types\/page"}],"author":[{"embeddable":true,"href":"https:\/\/amec-teac.ententeinsurance.ca\/fr\/wp-json\/wp\/v2\/users\/4"}],"replies":[{"embeddable":true,"href":"https:\/\/amec-teac.ententeinsurance.ca\/fr\/wp-json\/wp\/v2\/comments?post=200"}],"version-history":[{"count":0,"href":"https:\/\/amec-teac.ententeinsurance.ca\/fr\/wp-json\/wp\/v2\/pages\/200\/revisions"}],"wp:attachment":[{"href":"https:\/\/amec-teac.ententeinsurance.ca\/fr\/wp-json\/wp\/v2\/media?parent=200"}],"curies":[{"name":"wp","href":"https:\/\/api.w.org\/{rel}","templated":true}]}}